{"id":41,"date":"2017-01-02T16:04:01","date_gmt":"2017-01-02T15:04:01","guid":{"rendered":"http:\/\/sudolux.be\/?page_id=41"},"modified":"2026-04-23T19:23:53","modified_gmt":"2026-04-23T17:23:53","slug":"activites","status":"publish","type":"page","link":"https:\/\/sudolux.be\/index.php\/activites\/","title":{"rendered":"Activit\u00e9s"},"content":{"rendered":"<h2><span style=\"color: #008000;\"><strong><span style=\"color: #008000;\">Programme d\u2019activit\u00e9s.<\/span><br \/><\/strong><\/span><\/h2>\n<p><em><span style=\"color: #008000;\"><strong>Etre affili\u00e9 au Sud O Lux, c\u2019est bien ! Participer aux activit\u00e9s sportives du Sud O Lux, c\u2019est mieux ! \ud83d\ude42<\/strong><\/span><\/em><\/p>\n<p>&nbsp;<\/p>\n<h3><img loading=\"lazy\" decoding=\"async\" class=\"wp-image-15 alignnone\" src=\"https:\/\/sudolux.be\/wp-content\/uploads\/2016\/12\/balise-300x300.jpg\" alt=\"\" width=\"44\" height=\"44\" srcset=\"https:\/\/sudolux.be\/wp-content\/uploads\/2016\/12\/balise-300x300.jpg 300w, https:\/\/sudolux.be\/wp-content\/uploads\/2016\/12\/balise-150x150.jpg 150w, https:\/\/sudolux.be\/wp-content\/uploads\/2016\/12\/balise-100x100.jpg 100w, https:\/\/sudolux.be\/wp-content\/uploads\/2016\/12\/balise.jpg 303w\" sizes=\"auto, (max-width: 44px) 100vw, 44px\" \/><strong><span style=\"color: #ff0000;\">\u00a0 <span style=\"text-decoration: underline;\">Prochaines activit\u00e9s<\/span> : <br \/><\/span><\/strong><\/h3>\n<ul>\n<li>Courses locales (18 dates en 2026) via<strong><span style=\"color: #ff0000;\"> O2LUX<\/span> : <a href=\"https:\/\/o2lux.org\" target=\"_blank\" rel=\"noopener\">https:\/\/o2lux.org<\/a><\/strong><\/li>\n<li>\u00a0<\/li>\n<li><span style=\"color: #ff0000;\">19-20-21 juin<\/span> : <strong>3 Jours O2Lux<\/strong> \u2013 for\u00eat d\u2019Anlier \u2013 Vlessart \u2013 <a href=\"https:\/\/www.opunch.org\/event\/3675\" target=\"_blank\" rel=\"noopener\">https:\/\/www.opunch.org\/event\/3675<\/a><\/li>\n<li><span style=\"color: #ff0000;\">Automne<\/span> : <strong>stage annuel<\/strong> \u2013 date et lieu \u00e0 d\u00e9finir<\/li>\n<li><span style=\"color: #ff0000;\">21 novembre<\/span> : <strong>championnat<\/strong> de club + <strong>10 ans<\/strong> du SudOLux !!<strong><br \/><\/strong>\u00a0<\/li>\n<\/ul>\n<p><span class=\"st\">\u00a0<\/span><\/p>\n<h3><img loading=\"lazy\" decoding=\"async\" class=\"wp-image-15 alignnone\" src=\"https:\/\/sudolux.be\/wp-content\/uploads\/2016\/12\/balise-300x300.jpg\" alt=\"\" width=\"44\" height=\"44\" srcset=\"https:\/\/sudolux.be\/wp-content\/uploads\/2016\/12\/balise-300x300.jpg 300w, https:\/\/sudolux.be\/wp-content\/uploads\/2016\/12\/balise-150x150.jpg 150w, https:\/\/sudolux.be\/wp-content\/uploads\/2016\/12\/balise-100x100.jpg 100w, https:\/\/sudolux.be\/wp-content\/uploads\/2016\/12\/balise.jpg 303w\" sizes=\"auto, (max-width: 44px) 100vw, 44px\" \/><span style=\"text-decoration: underline;\"><span style=\"color: #ff0000;\"><strong>\u00a0Pass\u00e9es&#8230;..<\/strong><\/span><\/span><\/h3>\n<ul>\n<li>\n<p><blockquote class=\"wp-embedded-content\" data-secret=\"DnzXvpjK6G\"><a href=\"https:\/\/sudolux.be\/index.php\/2026\/04\/23\/ardenno-camp-foret-danlier-28-mars-au-6-avril\/\">Ardenn&rsquo;O Camp &#8211; For\u00eat d&rsquo;Anlier, 28 mars au 6 avril<\/a><\/blockquote><iframe loading=\"lazy\" class=\"wp-embedded-content\" sandbox=\"allow-scripts\" security=\"restricted\" style=\"position: absolute; visibility: hidden;\" title=\"\u00ab\u00a0Ardenn&rsquo;O Camp &#8211; For\u00eat d&rsquo;Anlier, 28 mars au 6 avril\u00a0\u00bb &#8212; Sud O Lux\" src=\"https:\/\/sudolux.be\/index.php\/2026\/04\/23\/ardenno-camp-foret-danlier-28-mars-au-6-avril\/embed\/#?secret=qgBrpBKPl7#?secret=DnzXvpjK6G\" data-secret=\"DnzXvpjK6G\" width=\"600\" height=\"338\" frameborder=\"0\" marginwidth=\"0\" marginheight=\"0\" scrolling=\"no\"><\/iframe><\/p>\n<\/li>\n<li>\u00a0<\/li>\n<li>\n<p><blockquote class=\"wp-embedded-content\" data-secret=\"7iZuiL9WS8\"><a href=\"https:\/\/sudolux.be\/index.php\/2026\/04\/23\/nationale-md-ethe-28-3-2026\/\">Nationale MD Ethe- 28.3.2026<\/a><\/blockquote><iframe loading=\"lazy\" class=\"wp-embedded-content\" sandbox=\"allow-scripts\" security=\"restricted\" style=\"position: absolute; visibility: hidden;\" title=\"\u00ab\u00a0Nationale MD Ethe- 28.3.2026\u00a0\u00bb &#8212; Sud O Lux\" src=\"https:\/\/sudolux.be\/index.php\/2026\/04\/23\/nationale-md-ethe-28-3-2026\/embed\/#?secret=I7bI79BZKB#?secret=7iZuiL9WS8\" data-secret=\"7iZuiL9WS8\" width=\"600\" height=\"338\" frameborder=\"0\" marginwidth=\"0\" marginheight=\"0\" scrolling=\"no\"><\/iframe><\/p>\n<\/li>\n<\/ul>\n<p><blockquote class=\"wp-embedded-content\" data-secret=\"Oqe8hfnU6o\"><a href=\"https:\/\/sudolux.be\/index.php\/2025\/11\/24\/championnat-club-le-22-novembre-2025-habay-la-neuve\/\">Championnat club le 22 novembre 2025, Habay-la-Neuve<\/a><\/blockquote><iframe loading=\"lazy\" class=\"wp-embedded-content\" sandbox=\"allow-scripts\" security=\"restricted\" style=\"position: absolute; visibility: hidden;\" title=\"\u00ab\u00a0Championnat club le 22 novembre 2025, Habay-la-Neuve\u00a0\u00bb &#8212; Sud O Lux\" src=\"https:\/\/sudolux.be\/index.php\/2025\/11\/24\/championnat-club-le-22-novembre-2025-habay-la-neuve\/embed\/#?secret=eLiSNWpq4y#?secret=Oqe8hfnU6o\" data-secret=\"Oqe8hfnU6o\" width=\"600\" height=\"338\" frameborder=\"0\" marginwidth=\"0\" marginheight=\"0\" scrolling=\"no\"><\/iframe><\/p>\n<p><blockquote class=\"wp-embedded-content\" data-secret=\"68PKfH2fHx\"><a href=\"https:\/\/sudolux.be\/index.php\/2025\/10\/27\/stage-club-au-ochampagne-04-et-05-octobre-2025\/\">Stage club au O&rsquo;Champagne &#8211; 04 et 05 octobre 2025<\/a><\/blockquote><iframe loading=\"lazy\" class=\"wp-embedded-content\" sandbox=\"allow-scripts\" security=\"restricted\" style=\"position: absolute; visibility: hidden;\" title=\"\u00ab\u00a0Stage club au O&rsquo;Champagne &#8211; 04 et 05 octobre 2025\u00a0\u00bb &#8212; Sud O Lux\" src=\"https:\/\/sudolux.be\/index.php\/2025\/10\/27\/stage-club-au-ochampagne-04-et-05-octobre-2025\/embed\/#?secret=FnJvASuChx#?secret=68PKfH2fHx\" data-secret=\"68PKfH2fHx\" width=\"600\" height=\"338\" frameborder=\"0\" marginwidth=\"0\" marginheight=\"0\" scrolling=\"no\"><\/iframe><\/p>\n<p><blockquote class=\"wp-embedded-content\" data-secret=\"fh97yRMIfy\"><a href=\"https:\/\/sudolux.be\/index.php\/2025\/06\/26\/3-jours-o2lux-20-21-22-juin-2025\/\">3 Jours O2Lux &#8211; 20, 21, 22 juin 2025<\/a><\/blockquote><iframe loading=\"lazy\" class=\"wp-embedded-content\" sandbox=\"allow-scripts\" security=\"restricted\" style=\"position: absolute; visibility: hidden;\" title=\"\u00ab\u00a03 Jours O2Lux &#8211; 20, 21, 22 juin 2025\u00a0\u00bb &#8212; Sud O Lux\" src=\"https:\/\/sudolux.be\/index.php\/2025\/06\/26\/3-jours-o2lux-20-21-22-juin-2025\/embed\/#?secret=T89cj4w0jF#?secret=fh97yRMIfy\" data-secret=\"fh97yRMIfy\" width=\"600\" height=\"338\" frameborder=\"0\" marginwidth=\"0\" marginheight=\"0\" scrolling=\"no\"><\/iframe><\/p>\n<p><blockquote class=\"wp-embedded-content\" data-secret=\"LJF8XwpINs\"><a href=\"https:\/\/sudolux.be\/index.php\/2025\/04\/06\/nationale-longue-distance-vallee-de-rabais-virton-dimanche-23-mars-2025\/\">Nationale Longue Distance \u2013 Vall\u00e9e de Rabais, Virton \u2013 dimanche 23 mars 2025<\/a><\/blockquote><iframe loading=\"lazy\" class=\"wp-embedded-content\" sandbox=\"allow-scripts\" security=\"restricted\" style=\"position: absolute; visibility: hidden;\" title=\"\u00ab\u00a0Nationale Longue Distance \u2013 Vall\u00e9e de Rabais, Virton \u2013 dimanche 23 mars 2025\u00a0\u00bb &#8212; Sud O Lux\" src=\"https:\/\/sudolux.be\/index.php\/2025\/04\/06\/nationale-longue-distance-vallee-de-rabais-virton-dimanche-23-mars-2025\/embed\/#?secret=UBjBz3Emwk#?secret=LJF8XwpINs\" data-secret=\"LJF8XwpINs\" width=\"600\" height=\"338\" frameborder=\"0\" marginwidth=\"0\" marginheight=\"0\" scrolling=\"no\"><\/iframe><\/p>\n<p><strong>Initiations scolaires<\/strong><\/p>\n<p><blockquote class=\"wp-embedded-content\" data-secret=\"OVYC6MCBY6\"><a href=\"https:\/\/sudolux.be\/index.php\/2025\/04\/28\/championnat-scolaire-inter-reseaux-de-course-dorientation-a-gembloux-10-avril-2025\/\">Championnat scolaire inter-r\u00e9seaux de course d&rsquo;orientation \u00e0 Gembloux &#8211; 10 avril 2025<\/a><\/blockquote><iframe loading=\"lazy\" class=\"wp-embedded-content\" sandbox=\"allow-scripts\" security=\"restricted\" style=\"position: absolute; visibility: hidden;\" title=\"\u00ab\u00a0Championnat scolaire inter-r\u00e9seaux de course d&rsquo;orientation \u00e0 Gembloux &#8211; 10 avril 2025\u00a0\u00bb &#8212; Sud O Lux\" src=\"https:\/\/sudolux.be\/index.php\/2025\/04\/28\/championnat-scolaire-inter-reseaux-de-course-dorientation-a-gembloux-10-avril-2025\/embed\/#?secret=DWJu9ibRBi#?secret=OVYC6MCBY6\" data-secret=\"OVYC6MCBY6\" width=\"600\" height=\"338\" frameborder=\"0\" marginwidth=\"0\" marginheight=\"0\" scrolling=\"no\"><\/iframe><\/p>\n<p><blockquote class=\"wp-embedded-content\" data-secret=\"vbGICjWYYo\"><a href=\"https:\/\/sudolux.be\/index.php\/2025\/04\/28\/initiations-scolaires-college-notre-dame-du-bonlieu-cndb-virton-14-avril-2025\/\">Initiations scolaires, Coll\u00e8ge Notre Dame du Bonlieu (CNDB) Virton &#8211; 14 avril 2025<\/a><\/blockquote><iframe loading=\"lazy\" class=\"wp-embedded-content\" sandbox=\"allow-scripts\" security=\"restricted\" style=\"position: absolute; visibility: hidden;\" title=\"\u00ab\u00a0Initiations scolaires, Coll\u00e8ge Notre Dame du Bonlieu (CNDB) Virton &#8211; 14 avril 2025\u00a0\u00bb &#8212; Sud O Lux\" src=\"https:\/\/sudolux.be\/index.php\/2025\/04\/28\/initiations-scolaires-college-notre-dame-du-bonlieu-cndb-virton-14-avril-2025\/embed\/#?secret=3w3qwKsFfO#?secret=vbGICjWYYo\" data-secret=\"vbGICjWYYo\" width=\"600\" height=\"338\" frameborder=\"0\" marginwidth=\"0\" marginheight=\"0\" scrolling=\"no\"><\/iframe><\/p>\n<p><blockquote class=\"wp-embedded-content\" data-secret=\"0owqYzFHOI\"><a href=\"https:\/\/sudolux.be\/index.php\/2025\/04\/28\/initiation-scolaire-institut-saint-joseph-de-carlsbourg\/\">Initiation scolaire, Institut Saint Joseph de Carlsbourg &#8211; 28 avril 2025<\/a><\/blockquote><iframe loading=\"lazy\" class=\"wp-embedded-content\" sandbox=\"allow-scripts\" security=\"restricted\" style=\"position: absolute; visibility: hidden;\" title=\"\u00ab\u00a0Initiation scolaire, Institut Saint Joseph de Carlsbourg &#8211; 28 avril 2025\u00a0\u00bb &#8212; Sud O Lux\" src=\"https:\/\/sudolux.be\/index.php\/2025\/04\/28\/initiation-scolaire-institut-saint-joseph-de-carlsbourg\/embed\/#?secret=y0aOBrMWv0#?secret=0owqYzFHOI\" data-secret=\"0owqYzFHOI\" width=\"600\" height=\"338\" frameborder=\"0\" marginwidth=\"0\" marginheight=\"0\" scrolling=\"no\"><\/iframe><\/p>\n<p><blockquote class=\"wp-embedded-content\" data-secret=\"zCl7AH8Fwy\"><a href=\"https:\/\/o2lux.org\/o2lux-15-16-novembre-2024-virton-city\/\">O2LUX #15-16 novembre 2024 \u2013 Virton City<\/a><\/blockquote><iframe loading=\"lazy\" class=\"wp-embedded-content\" sandbox=\"allow-scripts\" security=\"restricted\" style=\"position: absolute; visibility: hidden;\" title=\"\u00ab\u00a0O2LUX #15-16 novembre 2024 \u2013 Virton City\u00a0\u00bb &#8212; O2LUX\" src=\"https:\/\/o2lux.org\/o2lux-15-16-novembre-2024-virton-city\/embed\/#?secret=90QH2ObpN7#?secret=zCl7AH8Fwy\" data-secret=\"zCl7AH8Fwy\" width=\"600\" height=\"338\" frameborder=\"0\" marginwidth=\"0\" marginheight=\"0\" scrolling=\"no\"><\/iframe><\/p>\n<p><blockquote class=\"wp-embedded-content\" data-secret=\"KcNbnAsmGT\"><a href=\"https:\/\/sudolux.be\/index.php\/2025\/01\/02\/north-sea-trophy-oostduinkerke-b\/\">North Sea Trophy, Oostduinkerke (B)<\/a><\/blockquote><iframe loading=\"lazy\" class=\"wp-embedded-content\" sandbox=\"allow-scripts\" security=\"restricted\" style=\"position: absolute; visibility: hidden;\" title=\"\u00ab\u00a0North Sea Trophy, Oostduinkerke (B)\u00a0\u00bb &#8212; Sud O Lux\" src=\"https:\/\/sudolux.be\/index.php\/2025\/01\/02\/north-sea-trophy-oostduinkerke-b\/embed\/#?secret=Ez0WGhJqnp#?secret=KcNbnAsmGT\" data-secret=\"KcNbnAsmGT\" width=\"600\" height=\"338\" frameborder=\"0\" marginwidth=\"0\" marginheight=\"0\" scrolling=\"no\"><\/iframe><\/p>\n<p><blockquote class=\"wp-embedded-content\" data-secret=\"smLiMQuspk\"><a href=\"https:\/\/sudolux.be\/index.php\/2024\/10\/11\/week-end-stage-sudolux-en-champagne-ochampagne-2024-05-et-06-octobre-2024\/\">Week-end stage SudOLux en Champagne (O\u2019Champagne 2024) &#8211; 05 et 06 octobre 2024<\/a><\/blockquote><iframe loading=\"lazy\" class=\"wp-embedded-content\" sandbox=\"allow-scripts\" security=\"restricted\" style=\"position: absolute; visibility: hidden;\" title=\"\u00ab\u00a0Week-end stage SudOLux en Champagne (O\u2019Champagne 2024) &#8211; 05 et 06 octobre 2024\u00a0\u00bb &#8212; Sud O Lux\" src=\"https:\/\/sudolux.be\/index.php\/2024\/10\/11\/week-end-stage-sudolux-en-champagne-ochampagne-2024-05-et-06-octobre-2024\/embed\/#?secret=95Mk4WtiDn#?secret=smLiMQuspk\" data-secret=\"smLiMQuspk\" width=\"600\" height=\"338\" frameborder=\"0\" marginwidth=\"0\" marginheight=\"0\" scrolling=\"no\"><\/iframe><\/p>\n<p><blockquote class=\"wp-embedded-content\" data-secret=\"EImjYqP5v6\"><a href=\"https:\/\/sudolux.be\/index.php\/2024\/09\/02\/championnat-de-belgique-de-relais-rabais-virton-31-aout-2024\/\">Championnat de Belgique de Relais, Rabais-Virton- 31 ao\u00fbt 2024<\/a><\/blockquote><iframe loading=\"lazy\" class=\"wp-embedded-content\" sandbox=\"allow-scripts\" security=\"restricted\" style=\"position: absolute; visibility: hidden;\" title=\"\u00ab\u00a0Championnat de Belgique de Relais, Rabais-Virton- 31 ao\u00fbt 2024\u00a0\u00bb &#8212; Sud O Lux\" src=\"https:\/\/sudolux.be\/index.php\/2024\/09\/02\/championnat-de-belgique-de-relais-rabais-virton-31-aout-2024\/embed\/#?secret=pOaCzcacuL#?secret=EImjYqP5v6\" data-secret=\"EImjYqP5v6\" width=\"600\" height=\"338\" frameborder=\"0\" marginwidth=\"0\" marginheight=\"0\" scrolling=\"no\"><\/iframe><\/p>\n<p><blockquote class=\"wp-embedded-content\" data-secret=\"QKh3orMO0D\"><a href=\"https:\/\/sudolux.be\/index.php\/2024\/02\/05\/camp-dentrainement-en-foret-danlier\/\">Camp d\u2019entrainement en For\u00eat d\u2019Anlier<\/a><\/blockquote><iframe loading=\"lazy\" class=\"wp-embedded-content\" sandbox=\"allow-scripts\" security=\"restricted\" style=\"position: absolute; visibility: hidden;\" title=\"\u00ab\u00a0Camp d\u2019entrainement en For\u00eat d\u2019Anlier\u00a0\u00bb &#8212; Sud O Lux\" src=\"https:\/\/sudolux.be\/index.php\/2024\/02\/05\/camp-dentrainement-en-foret-danlier\/embed\/#?secret=0YLQaN5sq6#?secret=QKh3orMO0D\" data-secret=\"QKh3orMO0D\" width=\"600\" height=\"338\" frameborder=\"0\" marginwidth=\"0\" marginheight=\"0\" scrolling=\"no\"><\/iframe><\/p>\n<p><blockquote class=\"wp-embedded-content\" data-secret=\"lzXaFZsNNE\"><a href=\"https:\/\/sudolux.be\/index.php\/2023\/12\/08\/championnat-de-club-02-decembre-2023\/\">Championnat de club, 02 d\u00e9cembre 2023<\/a><\/blockquote><iframe loading=\"lazy\" class=\"wp-embedded-content\" sandbox=\"allow-scripts\" security=\"restricted\" style=\"position: absolute; visibility: hidden;\" title=\"\u00ab\u00a0Championnat de club, 02 d\u00e9cembre 2023\u00a0\u00bb &#8212; Sud O Lux\" src=\"https:\/\/sudolux.be\/index.php\/2023\/12\/08\/championnat-de-club-02-decembre-2023\/embed\/#?secret=p03T35MFkS#?secret=lzXaFZsNNE\" data-secret=\"lzXaFZsNNE\" width=\"600\" height=\"338\" frameborder=\"0\" marginwidth=\"0\" marginheight=\"0\" scrolling=\"no\"><\/iframe><\/p>\n<p><blockquote class=\"wp-embedded-content\" data-secret=\"YBVjFDQ3Os\"><a href=\"https:\/\/sudolux.be\/index.php\/2023\/11\/11\/stage-club-au-week-end-o-champagne\/\">Stage club au Week-end O Champagne- 7-8 octobre 2023<\/a><\/blockquote><iframe loading=\"lazy\" class=\"wp-embedded-content\" sandbox=\"allow-scripts\" security=\"restricted\" style=\"position: absolute; visibility: hidden;\" title=\"\u00ab\u00a0Stage club au Week-end O Champagne- 7-8 octobre 2023\u00a0\u00bb &#8212; Sud O Lux\" src=\"https:\/\/sudolux.be\/index.php\/2023\/11\/11\/stage-club-au-week-end-o-champagne\/embed\/#?secret=7VqSfpH0mI#?secret=YBVjFDQ3Os\" data-secret=\"YBVjFDQ3Os\" width=\"600\" height=\"338\" frameborder=\"0\" marginwidth=\"0\" marginheight=\"0\" scrolling=\"no\"><\/iframe><\/p>\n<p><blockquote class=\"wp-embedded-content\" data-secret=\"cElJWCFvp8\"><a href=\"https:\/\/sudolux.be\/index.php\/2023\/09\/01\/retour-sur-un-evenement-la-junior-european-cup-jec-a-rabais-virton-ces-26-27-et-28-aout-2023\/\">Retour sur un \u00e9v\u00e9nement : la Junior European Cup (JEC) \u00e0 Rabais-Virton ces 26, 27 et 28 ao\u00fbt 2023.<\/a><\/blockquote><iframe loading=\"lazy\" class=\"wp-embedded-content\" sandbox=\"allow-scripts\" security=\"restricted\" style=\"position: absolute; visibility: hidden;\" title=\"\u00ab\u00a0Retour sur un \u00e9v\u00e9nement : la Junior European Cup (JEC) \u00e0 Rabais-Virton ces 26, 27 et 28 ao\u00fbt 2023.\u00a0\u00bb &#8212; Sud O Lux\" src=\"https:\/\/sudolux.be\/index.php\/2023\/09\/01\/retour-sur-un-evenement-la-junior-european-cup-jec-a-rabais-virton-ces-26-27-et-28-aout-2023\/embed\/#?secret=dk5t8K92eG#?secret=cElJWCFvp8\" data-secret=\"cElJWCFvp8\" width=\"600\" height=\"338\" frameborder=\"0\" marginwidth=\"0\" marginheight=\"0\" scrolling=\"no\"><\/iframe><\/p>\n<p><blockquote class=\"wp-embedded-content\" data-secret=\"uQHdZkUapG\"><a href=\"https:\/\/sudolux.be\/index.php\/2023\/06\/21\/samedi-13-mai-2023-entrainement-sud-o-lux-sur-rabais-virton\/\">Samedi 13 mai 2023: entrainement Sud O Lux sur Rabais-Virton<\/a><\/blockquote><iframe loading=\"lazy\" class=\"wp-embedded-content\" sandbox=\"allow-scripts\" security=\"restricted\" style=\"position: absolute; visibility: hidden;\" title=\"\u00ab\u00a0Samedi 13 mai 2023: entrainement Sud O Lux sur Rabais-Virton\u00a0\u00bb &#8212; Sud O Lux\" src=\"https:\/\/sudolux.be\/index.php\/2023\/06\/21\/samedi-13-mai-2023-entrainement-sud-o-lux-sur-rabais-virton\/embed\/#?secret=CerbTcq8KF#?secret=uQHdZkUapG\" data-secret=\"uQHdZkUapG\" width=\"600\" height=\"338\" frameborder=\"0\" marginwidth=\"0\" marginheight=\"0\" scrolling=\"no\"><\/iframe><\/p>\n<p><blockquote class=\"wp-embedded-content\" data-secret=\"QFLQRk0XzU\"><a href=\"https:\/\/sudolux.be\/index.php\/2023\/04\/27\/stage-sudolux-a-vivy-cornimont-22-et-23-avril-2023\/\">Stage SudOLux \u00e0 Vivy &#8211; Cornimont &#8211; 22 et 23 avril 2023<\/a><\/blockquote><iframe loading=\"lazy\" class=\"wp-embedded-content\" sandbox=\"allow-scripts\" security=\"restricted\" style=\"position: absolute; visibility: hidden;\" title=\"\u00ab\u00a0Stage SudOLux \u00e0 Vivy &#8211; Cornimont &#8211; 22 et 23 avril 2023\u00a0\u00bb &#8212; Sud O Lux\" src=\"https:\/\/sudolux.be\/index.php\/2023\/04\/27\/stage-sudolux-a-vivy-cornimont-22-et-23-avril-2023\/embed\/#?secret=K7VpCCznme#?secret=QFLQRk0XzU\" data-secret=\"QFLQRk0XzU\" width=\"600\" height=\"338\" frameborder=\"0\" marginwidth=\"0\" marginheight=\"0\" scrolling=\"no\"><\/iframe><\/p>\n<p><blockquote class=\"wp-embedded-content\" data-secret=\"XyODWmjjqv\"><a href=\"https:\/\/sudolux.be\/index.php\/2023\/04\/27\/entrainement-lors-du-championnat-club-asub-15-avril-2023\/\">Entra\u00eenement  lors du championnat club ASUB &#8211; 15 avril 2023<\/a><\/blockquote><iframe loading=\"lazy\" class=\"wp-embedded-content\" sandbox=\"allow-scripts\" security=\"restricted\" style=\"position: absolute; visibility: hidden;\" title=\"\u00ab\u00a0Entra\u00eenement  lors du championnat club ASUB &#8211; 15 avril 2023\u00a0\u00bb &#8212; Sud O Lux\" src=\"https:\/\/sudolux.be\/index.php\/2023\/04\/27\/entrainement-lors-du-championnat-club-asub-15-avril-2023\/embed\/#?secret=YY0w2NPjTN#?secret=XyODWmjjqv\" data-secret=\"XyODWmjjqv\" width=\"600\" height=\"338\" frameborder=\"0\" marginwidth=\"0\" marginheight=\"0\" scrolling=\"no\"><\/iframe><\/p>\n<p><blockquote class=\"wp-embedded-content\" data-secret=\"76cBECf61F\"><a href=\"https:\/\/sudolux.be\/index.php\/2022\/12\/28\/26-novembre-2022-championnat-du-club\/\">26 novembre 2022 : Championnat du club<\/a><\/blockquote><iframe loading=\"lazy\" class=\"wp-embedded-content\" sandbox=\"allow-scripts\" security=\"restricted\" style=\"position: absolute; visibility: hidden;\" title=\"\u00ab\u00a026 novembre 2022 : Championnat du club\u00a0\u00bb &#8212; Sud O Lux\" src=\"https:\/\/sudolux.be\/index.php\/2022\/12\/28\/26-novembre-2022-championnat-du-club\/embed\/#?secret=g1YCY8SLJJ#?secret=76cBECf61F\" data-secret=\"76cBECf61F\" width=\"600\" height=\"338\" frameborder=\"0\" marginwidth=\"0\" marginheight=\"0\" scrolling=\"no\"><\/iframe><\/p>\n<p><blockquote class=\"wp-embedded-content\" data-secret=\"CLS5g4O5Vs\"><a href=\"https:\/\/sudolux.be\/index.php\/2022\/12\/28\/8-et-9-octobre-stage-sudolux-en-champagne\/\">8 et 9 octobre: stage SudOLux en Champagne,<\/a><\/blockquote><iframe loading=\"lazy\" class=\"wp-embedded-content\" sandbox=\"allow-scripts\" security=\"restricted\" style=\"position: absolute; visibility: hidden;\" title=\"\u00ab\u00a08 et 9 octobre: stage SudOLux en Champagne,\u00a0\u00bb &#8212; Sud O Lux\" src=\"https:\/\/sudolux.be\/index.php\/2022\/12\/28\/8-et-9-octobre-stage-sudolux-en-champagne\/embed\/#?secret=ezHJdRo9KP#?secret=CLS5g4O5Vs\" data-secret=\"CLS5g4O5Vs\" width=\"600\" height=\"338\" frameborder=\"0\" marginwidth=\"0\" marginheight=\"0\" scrolling=\"no\"><\/iframe><\/p>\n<h3>\u00a0<\/h3>\n<h3><img loading=\"lazy\" decoding=\"async\" class=\"wp-image-15 alignnone\" src=\"https:\/\/sudolux.be\/wp-content\/uploads\/2016\/12\/balise-300x300.jpg\" alt=\"\" width=\"44\" height=\"44\" srcset=\"https:\/\/sudolux.be\/wp-content\/uploads\/2016\/12\/balise-300x300.jpg 300w, https:\/\/sudolux.be\/wp-content\/uploads\/2016\/12\/balise-150x150.jpg 150w, https:\/\/sudolux.be\/wp-content\/uploads\/2016\/12\/balise-100x100.jpg 100w, https:\/\/sudolux.be\/wp-content\/uploads\/2016\/12\/balise.jpg 303w\" sizes=\"auto, (max-width: 44px) 100vw, 44px\" \/><br \/>&#8211; <span style=\"text-decoration: underline;\"><strong>Samedi 17 septembre 2022<\/strong><\/span> : R\u00e9gionale Urbaine Moyenne Distance,\u00a0 Citadelle de Montm\u00e9dy (F) &#8211; <br \/>r\u00e9sultats <a href=\"https:\/\/helga-o.com\/webres\/index.php?lauf=4277\">ici<\/a><br \/>&#8211;<span style=\"text-decoration: underline;\"><strong> Dimanche 18 septembre<\/strong><\/span> : Championnat de Belgique de relais, Freylange(Arlon) &#8211; Plusieurs \u00e9quipes SudOLux <strong><br \/><\/strong>r\u00e9sultats <a href=\"https:\/\/helga-o.com\/webres\/index.php?lauf=4278\">ici<\/a><strong><br \/><\/strong><\/h3>\n<p><em><span style=\"color: #ff6600;\"><strong>Le compte-rendu sur la page sp\u00e9ciale <a href=\"https:\/\/sudolux.be\/index.php\/2022\/09\/30\/regionale-urbaine-moyenne-distance-citadelle-de-montmedy-f-et-bcr-freylange-17-et-18-septembre-2022\/\">ICI<\/a><br \/><img loading=\"lazy\" decoding=\"async\" class=\"alignnone  wp-image-866\" src=\"https:\/\/sudolux.be\/wp-content\/uploads\/2022\/09\/308591258_5740503362655876_9109335399771649445_n-300x225.jpg\" alt=\"\" width=\"299\" height=\"224\" srcset=\"https:\/\/sudolux.be\/wp-content\/uploads\/2022\/09\/308591258_5740503362655876_9109335399771649445_n-300x225.jpg 300w, https:\/\/sudolux.be\/wp-content\/uploads\/2022\/09\/308591258_5740503362655876_9109335399771649445_n-1024x768.jpg 1024w, https:\/\/sudolux.be\/wp-content\/uploads\/2022\/09\/308591258_5740503362655876_9109335399771649445_n-768x576.jpg 768w, https:\/\/sudolux.be\/wp-content\/uploads\/2022\/09\/308591258_5740503362655876_9109335399771649445_n-200x150.jpg 200w, https:\/\/sudolux.be\/wp-content\/uploads\/2022\/09\/308591258_5740503362655876_9109335399771649445_n-150x113.jpg 150w, https:\/\/sudolux.be\/wp-content\/uploads\/2022\/09\/308591258_5740503362655876_9109335399771649445_n.jpg 1500w\" sizes=\"auto, (max-width: 299px) 100vw, 299px\" \/> <img loading=\"lazy\" decoding=\"async\" class=\"alignnone  wp-image-861\" src=\"https:\/\/sudolux.be\/wp-content\/uploads\/2022\/09\/307880594_1438136990018202_6134909928742915935_n-300x169.jpg\" alt=\"\" width=\"277\" height=\"156\" srcset=\"https:\/\/sudolux.be\/wp-content\/uploads\/2022\/09\/307880594_1438136990018202_6134909928742915935_n-300x169.jpg 300w, https:\/\/sudolux.be\/wp-content\/uploads\/2022\/09\/307880594_1438136990018202_6134909928742915935_n-1024x576.jpg 1024w, https:\/\/sudolux.be\/wp-content\/uploads\/2022\/09\/307880594_1438136990018202_6134909928742915935_n-768x432.jpg 768w, https:\/\/sudolux.be\/wp-content\/uploads\/2022\/09\/307880594_1438136990018202_6134909928742915935_n-250x141.jpg 250w, https:\/\/sudolux.be\/wp-content\/uploads\/2022\/09\/307880594_1438136990018202_6134909928742915935_n-150x84.jpg 150w, https:\/\/sudolux.be\/wp-content\/uploads\/2022\/09\/307880594_1438136990018202_6134909928742915935_n.jpg 1500w\" sizes=\"auto, (max-width: 277px) 100vw, 277px\" \/>\u00a0 <img loading=\"lazy\" decoding=\"async\" class=\"alignnone  wp-image-868\" src=\"https:\/\/sudolux.be\/wp-content\/uploads\/2022\/09\/carte-2-218x300.jpg\" alt=\"\" width=\"176\" height=\"242\" srcset=\"https:\/\/sudolux.be\/wp-content\/uploads\/2022\/09\/carte-2-218x300.jpg 218w, https:\/\/sudolux.be\/wp-content\/uploads\/2022\/09\/carte-2-745x1024.jpg 745w, https:\/\/sudolux.be\/wp-content\/uploads\/2022\/09\/carte-2-768x1056.jpg 768w, https:\/\/sudolux.be\/wp-content\/uploads\/2022\/09\/carte-2-109x150.jpg 109w, https:\/\/sudolux.be\/wp-content\/uploads\/2022\/09\/carte-2.jpg 1091w\" sizes=\"auto, (max-width: 176px) 100vw, 176px\" \/><br \/><\/strong> <\/span><\/em><\/p>\n<p><img loading=\"lazy\" decoding=\"async\" class=\"wp-image-15 alignnone\" src=\"https:\/\/sudolux.be\/wp-content\/uploads\/2016\/12\/balise-300x300.jpg\" alt=\"\" width=\"44\" height=\"44\" srcset=\"https:\/\/sudolux.be\/wp-content\/uploads\/2016\/12\/balise-300x300.jpg 300w, https:\/\/sudolux.be\/wp-content\/uploads\/2016\/12\/balise-150x150.jpg 150w, https:\/\/sudolux.be\/wp-content\/uploads\/2016\/12\/balise-100x100.jpg 100w, https:\/\/sudolux.be\/wp-content\/uploads\/2016\/12\/balise.jpg 303w\" sizes=\"auto, (max-width: 44px) 100vw, 44px\" \/> <strong>Stage SudOLux \u00e0 Rochehaut -Cornimont les 17 et 18 juin.<br \/><\/strong>Stage de qualit\u00e9, sous la chaleur.<strong> Tr\u00e8s bonne ambiance. A refaire !<br \/><\/strong>Compte-rendu de Bernard <a href=\"https:\/\/sportifsurletard.blogspot.com\/2022\/06\/stage-sudolux-vresse-sur-semois-b.html\">ici<\/a><strong><br \/><\/strong><\/p>\n<h3><img loading=\"lazy\" decoding=\"async\" class=\"wp-image-15 alignnone\" src=\"https:\/\/sudolux.be\/wp-content\/uploads\/2016\/12\/balise-300x300.jpg\" alt=\"\" width=\"44\" height=\"44\" srcset=\"https:\/\/sudolux.be\/wp-content\/uploads\/2016\/12\/balise-300x300.jpg 300w, https:\/\/sudolux.be\/wp-content\/uploads\/2016\/12\/balise-150x150.jpg 150w, https:\/\/sudolux.be\/wp-content\/uploads\/2016\/12\/balise-100x100.jpg 100w, https:\/\/sudolux.be\/wp-content\/uploads\/2016\/12\/balise.jpg 303w\" sizes=\"auto, (max-width: 44px) 100vw, 44px\" \/><strong>\u00a0 Dimanche 10 avril 2022<\/strong> :\u00a0 <strong>R\u00e9gionale 9 couleurs SudOLux<\/strong>, for\u00eat d&rsquo;Anlier.\u00a0<\/h3>\n<p>Week-end positif avec 130 coureurs et une bonne ambiance. Retours tr\u00e8s positifs des coureurs. <br \/>Compte-rendu, photos et r\u00e9sultats<a href=\"https:\/\/sudolux.be\/index.php\/2022\/04\/11\/regionale-9-couleurs-louftemont-10avr2022\/\"><strong> ici<\/strong><\/a><\/p>\n<h4><strong><img loading=\"lazy\" decoding=\"async\" class=\"alignnone  wp-image-15\" src=\"https:\/\/sudolux.be\/wp-content\/uploads\/2016\/12\/balise-300x300.jpg\" alt=\"\" width=\"51\" height=\"51\" srcset=\"https:\/\/sudolux.be\/wp-content\/uploads\/2016\/12\/balise-300x300.jpg 300w, https:\/\/sudolux.be\/wp-content\/uploads\/2016\/12\/balise-150x150.jpg 150w, https:\/\/sudolux.be\/wp-content\/uploads\/2016\/12\/balise-100x100.jpg 100w, https:\/\/sudolux.be\/wp-content\/uploads\/2016\/12\/balise.jpg 303w\" sizes=\"auto, (max-width: 51px) 100vw, 51px\" \/><\/strong><span style=\"color: #ff0000;\">\u00a0 Championnat SudOLux, 20 novembre 2021.<\/span><\/h4>\n<p>Belle participation de 33 coureurs par un bel apr\u00e8s-midi ensoleill\u00e9. Sur une carte \u00ab\u00a0Hydrion\u00a0\u00bb du domaine militaire d&rsquo;Arlon, trac\u00e9e par Iwan. Un terrain pas tr\u00e8s technique et \u00ab\u00a0propre\u00a0\u00bb, avec un parcours vari\u00e9 et plut\u00f4t ax\u00e9 sur l&rsquo;anticipation et la rapidit\u00e9.<\/p>\n<p><img loading=\"lazy\" decoding=\"async\" class=\"alignnone size-medium wp-image-709\" src=\"https:\/\/sudolux.be\/wp-content\/uploads\/2021\/11\/20211120_142901-300x225.jpg\" alt=\"\" width=\"300\" height=\"225\" srcset=\"https:\/\/sudolux.be\/wp-content\/uploads\/2021\/11\/20211120_142901-300x225.jpg 300w, https:\/\/sudolux.be\/wp-content\/uploads\/2021\/11\/20211120_142901-1024x768.jpg 1024w, https:\/\/sudolux.be\/wp-content\/uploads\/2021\/11\/20211120_142901-768x576.jpg 768w, https:\/\/sudolux.be\/wp-content\/uploads\/2021\/11\/20211120_142901-200x150.jpg 200w, https:\/\/sudolux.be\/wp-content\/uploads\/2021\/11\/20211120_142901-150x113.jpg 150w, https:\/\/sudolux.be\/wp-content\/uploads\/2021\/11\/20211120_142901.jpg 1500w\" sizes=\"auto, (max-width: 300px) 100vw, 300px\" \/> <img loading=\"lazy\" decoding=\"async\" class=\"alignnone size-medium wp-image-710\" src=\"https:\/\/sudolux.be\/wp-content\/uploads\/2021\/11\/PhotoScan-300x218.jpg\" alt=\"\" width=\"300\" height=\"218\" srcset=\"https:\/\/sudolux.be\/wp-content\/uploads\/2021\/11\/PhotoScan-300x218.jpg 300w, https:\/\/sudolux.be\/wp-content\/uploads\/2021\/11\/PhotoScan-1024x745.jpg 1024w, https:\/\/sudolux.be\/wp-content\/uploads\/2021\/11\/PhotoScan-768x559.jpg 768w, https:\/\/sudolux.be\/wp-content\/uploads\/2021\/11\/PhotoScan-1536x1118.jpg 1536w, https:\/\/sudolux.be\/wp-content\/uploads\/2021\/11\/PhotoScan-2048x1490.jpg 2048w, https:\/\/sudolux.be\/wp-content\/uploads\/2021\/11\/PhotoScan-206x150.jpg 206w, https:\/\/sudolux.be\/wp-content\/uploads\/2021\/11\/PhotoScan-150x109.jpg 150w\" sizes=\"auto, (max-width: 300px) 100vw, 300px\" \/> <img loading=\"lazy\" decoding=\"async\" class=\"alignnone size-medium wp-image-711\" src=\"https:\/\/sudolux.be\/wp-content\/uploads\/2021\/11\/resultats-300x274.jpg\" alt=\"\" width=\"300\" height=\"274\" srcset=\"https:\/\/sudolux.be\/wp-content\/uploads\/2021\/11\/resultats-300x274.jpg 300w, https:\/\/sudolux.be\/wp-content\/uploads\/2021\/11\/resultats-164x150.jpg 164w, https:\/\/sudolux.be\/wp-content\/uploads\/2021\/11\/resultats-150x137.jpg 150w, https:\/\/sudolux.be\/wp-content\/uploads\/2021\/11\/resultats.jpg 729w\" sizes=\"auto, (max-width: 300px) 100vw, 300px\" \/><\/p>\n<p>Exercice suivi du repas annuel du club et de la remise des r\u00e9sultats et \u00ab\u00a0m\u00e9dailles\u00a0\u00bb.<\/p>\n<p><img loading=\"lazy\" decoding=\"async\" class=\"alignnone size-medium wp-image-712\" src=\"https:\/\/sudolux.be\/wp-content\/uploads\/2021\/11\/20211120_194017-300x225.jpg\" alt=\"\" width=\"300\" height=\"225\" srcset=\"https:\/\/sudolux.be\/wp-content\/uploads\/2021\/11\/20211120_194017-300x225.jpg 300w, https:\/\/sudolux.be\/wp-content\/uploads\/2021\/11\/20211120_194017-1024x768.jpg 1024w, https:\/\/sudolux.be\/wp-content\/uploads\/2021\/11\/20211120_194017-768x576.jpg 768w, https:\/\/sudolux.be\/wp-content\/uploads\/2021\/11\/20211120_194017-200x150.jpg 200w, https:\/\/sudolux.be\/wp-content\/uploads\/2021\/11\/20211120_194017-150x113.jpg 150w, https:\/\/sudolux.be\/wp-content\/uploads\/2021\/11\/20211120_194017.jpg 1500w\" sizes=\"auto, (max-width: 300px) 100vw, 300px\" \/> <img loading=\"lazy\" decoding=\"async\" class=\"alignnone size-medium wp-image-713\" src=\"https:\/\/sudolux.be\/wp-content\/uploads\/2021\/11\/20211120_194028-300x225.jpg\" alt=\"\" width=\"300\" height=\"225\" srcset=\"https:\/\/sudolux.be\/wp-content\/uploads\/2021\/11\/20211120_194028-300x225.jpg 300w, https:\/\/sudolux.be\/wp-content\/uploads\/2021\/11\/20211120_194028-1024x768.jpg 1024w, https:\/\/sudolux.be\/wp-content\/uploads\/2021\/11\/20211120_194028-768x576.jpg 768w, https:\/\/sudolux.be\/wp-content\/uploads\/2021\/11\/20211120_194028-200x150.jpg 200w, https:\/\/sudolux.be\/wp-content\/uploads\/2021\/11\/20211120_194028-150x113.jpg 150w, https:\/\/sudolux.be\/wp-content\/uploads\/2021\/11\/20211120_194028.jpg 1500w\" sizes=\"auto, (max-width: 300px) 100vw, 300px\" \/> <img loading=\"lazy\" decoding=\"async\" class=\"alignnone size-medium wp-image-714\" src=\"https:\/\/sudolux.be\/wp-content\/uploads\/2021\/11\/20211120_194103-300x225.jpg\" alt=\"\" width=\"300\" height=\"225\" srcset=\"https:\/\/sudolux.be\/wp-content\/uploads\/2021\/11\/20211120_194103-300x225.jpg 300w, https:\/\/sudolux.be\/wp-content\/uploads\/2021\/11\/20211120_194103-1024x768.jpg 1024w, https:\/\/sudolux.be\/wp-content\/uploads\/2021\/11\/20211120_194103-768x576.jpg 768w, https:\/\/sudolux.be\/wp-content\/uploads\/2021\/11\/20211120_194103-200x150.jpg 200w, https:\/\/sudolux.be\/wp-content\/uploads\/2021\/11\/20211120_194103-150x113.jpg 150w, https:\/\/sudolux.be\/wp-content\/uploads\/2021\/11\/20211120_194103.jpg 1500w\" sizes=\"auto, (max-width: 300px) 100vw, 300px\" \/> <img loading=\"lazy\" decoding=\"async\" class=\"alignnone size-medium wp-image-715\" src=\"https:\/\/sudolux.be\/wp-content\/uploads\/2021\/11\/20211120_194250-300x225.jpg\" alt=\"\" width=\"300\" height=\"225\" srcset=\"https:\/\/sudolux.be\/wp-content\/uploads\/2021\/11\/20211120_194250-300x225.jpg 300w, https:\/\/sudolux.be\/wp-content\/uploads\/2021\/11\/20211120_194250-1024x768.jpg 1024w, https:\/\/sudolux.be\/wp-content\/uploads\/2021\/11\/20211120_194250-768x576.jpg 768w, https:\/\/sudolux.be\/wp-content\/uploads\/2021\/11\/20211120_194250-200x150.jpg 200w, https:\/\/sudolux.be\/wp-content\/uploads\/2021\/11\/20211120_194250-150x113.jpg 150w, https:\/\/sudolux.be\/wp-content\/uploads\/2021\/11\/20211120_194250.jpg 1500w\" sizes=\"auto, (max-width: 300px) 100vw, 300px\" \/> <img loading=\"lazy\" decoding=\"async\" class=\"alignnone size-medium wp-image-716\" src=\"https:\/\/sudolux.be\/wp-content\/uploads\/2021\/11\/20211120_194329-300x225.jpg\" alt=\"\" width=\"300\" height=\"225\" srcset=\"https:\/\/sudolux.be\/wp-content\/uploads\/2021\/11\/20211120_194329-300x225.jpg 300w, https:\/\/sudolux.be\/wp-content\/uploads\/2021\/11\/20211120_194329-1024x768.jpg 1024w, https:\/\/sudolux.be\/wp-content\/uploads\/2021\/11\/20211120_194329-768x576.jpg 768w, https:\/\/sudolux.be\/wp-content\/uploads\/2021\/11\/20211120_194329-200x150.jpg 200w, https:\/\/sudolux.be\/wp-content\/uploads\/2021\/11\/20211120_194329-150x113.jpg 150w, https:\/\/sudolux.be\/wp-content\/uploads\/2021\/11\/20211120_194329.jpg 1500w\" sizes=\"auto, (max-width: 300px) 100vw, 300px\" \/> <img loading=\"lazy\" decoding=\"async\" class=\"alignnone size-medium wp-image-717\" src=\"https:\/\/sudolux.be\/wp-content\/uploads\/2021\/11\/20211120_194408-300x225.jpg\" alt=\"\" width=\"300\" height=\"225\" srcset=\"https:\/\/sudolux.be\/wp-content\/uploads\/2021\/11\/20211120_194408-300x225.jpg 300w, https:\/\/sudolux.be\/wp-content\/uploads\/2021\/11\/20211120_194408-1024x768.jpg 1024w, https:\/\/sudolux.be\/wp-content\/uploads\/2021\/11\/20211120_194408-768x576.jpg 768w, https:\/\/sudolux.be\/wp-content\/uploads\/2021\/11\/20211120_194408-200x150.jpg 200w, https:\/\/sudolux.be\/wp-content\/uploads\/2021\/11\/20211120_194408-150x113.jpg 150w, https:\/\/sudolux.be\/wp-content\/uploads\/2021\/11\/20211120_194408.jpg 1500w\" sizes=\"auto, (max-width: 300px) 100vw, 300px\" \/> <img loading=\"lazy\" decoding=\"async\" class=\"alignnone size-medium wp-image-718\" src=\"https:\/\/sudolux.be\/wp-content\/uploads\/2021\/11\/20211120_194458-300x225.jpg\" alt=\"\" width=\"300\" height=\"225\" srcset=\"https:\/\/sudolux.be\/wp-content\/uploads\/2021\/11\/20211120_194458-300x225.jpg 300w, https:\/\/sudolux.be\/wp-content\/uploads\/2021\/11\/20211120_194458-1024x768.jpg 1024w, https:\/\/sudolux.be\/wp-content\/uploads\/2021\/11\/20211120_194458-768x576.jpg 768w, https:\/\/sudolux.be\/wp-content\/uploads\/2021\/11\/20211120_194458-200x150.jpg 200w, https:\/\/sudolux.be\/wp-content\/uploads\/2021\/11\/20211120_194458-150x113.jpg 150w, https:\/\/sudolux.be\/wp-content\/uploads\/2021\/11\/20211120_194458.jpg 1500w\" sizes=\"auto, (max-width: 300px) 100vw, 300px\" \/> <img loading=\"lazy\" decoding=\"async\" class=\"alignnone size-medium wp-image-719\" src=\"https:\/\/sudolux.be\/wp-content\/uploads\/2021\/11\/20211120_194511-300x225.jpg\" alt=\"\" width=\"300\" height=\"225\" srcset=\"https:\/\/sudolux.be\/wp-content\/uploads\/2021\/11\/20211120_194511-300x225.jpg 300w, https:\/\/sudolux.be\/wp-content\/uploads\/2021\/11\/20211120_194511-1024x768.jpg 1024w, https:\/\/sudolux.be\/wp-content\/uploads\/2021\/11\/20211120_194511-768x576.jpg 768w, https:\/\/sudolux.be\/wp-content\/uploads\/2021\/11\/20211120_194511-200x150.jpg 200w, https:\/\/sudolux.be\/wp-content\/uploads\/2021\/11\/20211120_194511-150x113.jpg 150w, https:\/\/sudolux.be\/wp-content\/uploads\/2021\/11\/20211120_194511.jpg 1500w\" sizes=\"auto, (max-width: 300px) 100vw, 300px\" \/> <img loading=\"lazy\" decoding=\"async\" class=\"alignnone size-medium wp-image-720\" src=\"https:\/\/sudolux.be\/wp-content\/uploads\/2021\/11\/20211120_194547-225x300.jpg\" alt=\"\" width=\"225\" height=\"300\" srcset=\"https:\/\/sudolux.be\/wp-content\/uploads\/2021\/11\/20211120_194547-225x300.jpg 225w, https:\/\/sudolux.be\/wp-content\/uploads\/2021\/11\/20211120_194547-768x1024.jpg 768w, https:\/\/sudolux.be\/wp-content\/uploads\/2021\/11\/20211120_194547-113x150.jpg 113w, https:\/\/sudolux.be\/wp-content\/uploads\/2021\/11\/20211120_194547.jpg 1125w\" sizes=\"auto, (max-width: 225px) 100vw, 225px\" \/><\/p>\n<p>\u2663\u00a0\u2663\u00a0\u2663\u00a0\u2663\u00a0\u2663\u00a0\u2663\u00a0\u2663\u00a0\u2663\u00a0\u2663\u00a0\u2663 \u2663\u00a0\u2663\u00a0\u2663\u00a0\u2663\u00a0\u2663\u00a0\u2663\u00a0\u2663\u00a0\u2663\u00a0\u2663\u00a0\u2663 \u2663\u00a0\u2663\u00a0\u2663\u00a0\u2663\u00a0\u2663\u00a0\u2663\u00a0\u2663\u00a0\u2663\u00a0\u2663\u00a0\u2663 \u2663<\/p>\n<h5><strong><img loading=\"lazy\" decoding=\"async\" class=\"alignnone  wp-image-15\" src=\"https:\/\/sudolux.be\/wp-content\/uploads\/2016\/12\/balise-300x300.jpg\" alt=\"\" width=\"51\" height=\"51\" srcset=\"https:\/\/sudolux.be\/wp-content\/uploads\/2016\/12\/balise-300x300.jpg 300w, https:\/\/sudolux.be\/wp-content\/uploads\/2016\/12\/balise-150x150.jpg 150w, https:\/\/sudolux.be\/wp-content\/uploads\/2016\/12\/balise-100x100.jpg 100w, https:\/\/sudolux.be\/wp-content\/uploads\/2016\/12\/balise.jpg 303w\" sizes=\"auto, (max-width: 51px) 100vw, 51px\" \/><span style=\"color: #ff0000;\">Le SudOLUx \u00e0 l&rsquo;honneur !<br \/><\/span><br \/><\/strong><\/h5>\n<h5><strong><em>3 Jours de Belgique (St Vith) et O&rsquo;France (Jura)<br \/><\/em><\/strong><a href=\"https:\/\/sudolux.be\/wp-content\/uploads\/2021\/10\/aout2021.jpg\" target=\"_blank\" rel=\"noopener noreferrer\"><img loading=\"lazy\" decoding=\"async\" class=\"alignnone  wp-image-684\" src=\"https:\/\/sudolux.be\/wp-content\/uploads\/2021\/10\/aout2021-300x113.jpg\" alt=\"\" width=\"390\" height=\"147\" srcset=\"https:\/\/sudolux.be\/wp-content\/uploads\/2021\/10\/aout2021-300x113.jpg 300w, https:\/\/sudolux.be\/wp-content\/uploads\/2021\/10\/aout2021-1024x385.jpg 1024w, https:\/\/sudolux.be\/wp-content\/uploads\/2021\/10\/aout2021-768x289.jpg 768w, https:\/\/sudolux.be\/wp-content\/uploads\/2021\/10\/aout2021-1536x577.jpg 1536w, https:\/\/sudolux.be\/wp-content\/uploads\/2021\/10\/aout2021-2048x770.jpg 2048w, https:\/\/sudolux.be\/wp-content\/uploads\/2021\/10\/aout2021-250x94.jpg 250w, https:\/\/sudolux.be\/wp-content\/uploads\/2021\/10\/aout2021-150x56.jpg 150w\" sizes=\"auto, (max-width: 390px) 100vw, 390px\" \/><\/a>\u00a0<\/h5>\n<h5>\u00a0 <strong><em>Chpt Belgique Longue Distance, Helchteren, <\/em><\/strong><br \/><a href=\"https:\/\/sudolux.be\/wp-content\/uploads\/2021\/10\/oct2021-2.jpg\" target=\"_blank\" rel=\"noopener noreferrer\"><img loading=\"lazy\" decoding=\"async\" class=\"alignnone  wp-image-686\" src=\"https:\/\/sudolux.be\/wp-content\/uploads\/2021\/10\/oct2021-2-300x212.jpg\" alt=\"\" width=\"391\" height=\"276\" srcset=\"https:\/\/sudolux.be\/wp-content\/uploads\/2021\/10\/oct2021-2-300x212.jpg 300w, https:\/\/sudolux.be\/wp-content\/uploads\/2021\/10\/oct2021-2-1024x724.jpg 1024w, https:\/\/sudolux.be\/wp-content\/uploads\/2021\/10\/oct2021-2-768x543.jpg 768w, https:\/\/sudolux.be\/wp-content\/uploads\/2021\/10\/oct2021-2-1536x1085.jpg 1536w, https:\/\/sudolux.be\/wp-content\/uploads\/2021\/10\/oct2021-2-212x150.jpg 212w, https:\/\/sudolux.be\/wp-content\/uploads\/2021\/10\/oct2021-2-150x106.jpg 150w, https:\/\/sudolux.be\/wp-content\/uploads\/2021\/10\/oct2021-2.jpg 1909w\" sizes=\"auto, (max-width: 391px) 100vw, 391px\" \/><\/a><\/h5>\n<h5>\u00a0<strong><em>Chpt Belgique Relais, Weyervlakte, <\/em><\/strong><br \/><a href=\"https:\/\/sudolux.be\/wp-content\/uploads\/2021\/10\/oct2021-3.jpg\" target=\"_blank\" rel=\"noopener noreferrer\"><img loading=\"lazy\" decoding=\"async\" class=\"alignnone  wp-image-687\" src=\"https:\/\/sudolux.be\/wp-content\/uploads\/2021\/10\/oct2021-3-300x167.jpg\" alt=\"\" width=\"393\" height=\"219\" srcset=\"https:\/\/sudolux.be\/wp-content\/uploads\/2021\/10\/oct2021-3-300x167.jpg 300w, https:\/\/sudolux.be\/wp-content\/uploads\/2021\/10\/oct2021-3-1024x568.jpg 1024w, https:\/\/sudolux.be\/wp-content\/uploads\/2021\/10\/oct2021-3-768x426.jpg 768w, https:\/\/sudolux.be\/wp-content\/uploads\/2021\/10\/oct2021-3-1536x853.jpg 1536w, https:\/\/sudolux.be\/wp-content\/uploads\/2021\/10\/oct2021-3-2048x1137.jpg 2048w, https:\/\/sudolux.be\/wp-content\/uploads\/2021\/10\/oct2021-3-250x139.jpg 250w, https:\/\/sudolux.be\/wp-content\/uploads\/2021\/10\/oct2021-3-150x83.jpg 150w\" sizes=\"auto, (max-width: 393px) 100vw, 393px\" \/><\/a><\/h5>\n<p><strong><em>2 SudOLux aux championnats du Monde de Raid Aventure en Galice (Esp), le Raid Gallaecia<\/em><\/strong>\u00a0!!\u00a0<a href=\"https:\/\/sudolux.be\/wp-content\/uploads\/2021\/10\/oct2021.jpg\" target=\"_blank\" rel=\"noopener noreferrer\"><img loading=\"lazy\" decoding=\"async\" class=\"alignnone  wp-image-685\" src=\"https:\/\/sudolux.be\/wp-content\/uploads\/2021\/10\/oct2021-300x147.jpg\" alt=\"\" width=\"392\" height=\"192\" srcset=\"https:\/\/sudolux.be\/wp-content\/uploads\/2021\/10\/oct2021-300x147.jpg 300w, https:\/\/sudolux.be\/wp-content\/uploads\/2021\/10\/oct2021-1024x503.jpg 1024w, https:\/\/sudolux.be\/wp-content\/uploads\/2021\/10\/oct2021-768x377.jpg 768w, https:\/\/sudolux.be\/wp-content\/uploads\/2021\/10\/oct2021-1536x754.jpg 1536w, https:\/\/sudolux.be\/wp-content\/uploads\/2021\/10\/oct2021-2048x1006.jpg 2048w, https:\/\/sudolux.be\/wp-content\/uploads\/2021\/10\/oct2021-250x123.jpg 250w, https:\/\/sudolux.be\/wp-content\/uploads\/2021\/10\/oct2021-150x74.jpg 150w\" sizes=\"auto, (max-width: 392px) 100vw, 392px\" \/><\/a><\/p>\n<h4><strong><img loading=\"lazy\" decoding=\"async\" class=\"alignnone  wp-image-15\" src=\"https:\/\/sudolux.be\/wp-content\/uploads\/2016\/12\/balise-300x300.jpg\" alt=\"\" width=\"51\" height=\"51\" srcset=\"https:\/\/sudolux.be\/wp-content\/uploads\/2016\/12\/balise-300x300.jpg 300w, https:\/\/sudolux.be\/wp-content\/uploads\/2016\/12\/balise-150x150.jpg 150w, https:\/\/sudolux.be\/wp-content\/uploads\/2016\/12\/balise-100x100.jpg 100w, https:\/\/sudolux.be\/wp-content\/uploads\/2016\/12\/balise.jpg 303w\" sizes=\"auto, (max-width: 51px) 100vw, 51px\" \/><\/strong><strong>\u00a0 <span style=\"color: #ff0000;\">Week-end BELGIAN CLUB RELAY, les 11 et 12 septembre 2021 au camp militaire de Lagland (Arlon)<\/span><\/strong><\/h4>\n<p>. <span style=\"text-decoration: underline;\">R\u00e9gionale Middle distance 9 parcours, 11 sept.<\/span><br \/>Belle participation de 11 SudOLuxiens, r\u00e9partis sur tous les parcours.<br \/>Les r\u00e9sultats <a href=\"https:\/\/helga-o.com\/webres\/index.php?lauf=3478&amp;filter=SUD+O+LUX&amp;hide=1\">ici<\/a>.<\/p>\n<p>.<span style=\"text-decoration: underline;\">Belgian Club Relay, 12 sept.<\/span><br \/>Le lendemain, 1 \u00e9quipe compl\u00e8te (6 coureurs dont 2 f\u00e9minines) participait au Belgian Club Relay. Si les f\u00e9minines, Sandrine et Fiona, se sous-estimaient au d\u00e9part avec la peur de p\u00e9naliser l&rsquo;\u00e9quipe pour leur premi\u00e8re participation en relais, elles furent rassur\u00e9es apr\u00e8s leur prestations. Toutes les balises furent trouv\u00e9es, ce qui est d&rsquo;abord le plus important pour pouvoir classer l&rsquo;\u00e9quipe. Marc, S\u00e9bastien, Jo\u00ebl et Iwan firent le reste. Malgr\u00e9 quelques erreurs (chose in\u00e9vitable&#8230;), le SudOLux s&rsquo;en tire bien avec un classement honorable de 15e sur 26 class\u00e9s sur les 37 \u00e9quipes partantes !<br \/>C&rsquo;\u00e9tait aussi pour l&rsquo;occasion la sortie \u00ab\u00a0officielle\u00a0\u00bb des nouvelles tenues du club&#8230;<br \/>Les r\u00e9sultats <a href=\"https:\/\/helga-o.com\/webres\/index.php?lauf=3482\">ici<\/a><\/p>\n<p><img loading=\"lazy\" decoding=\"async\" class=\"alignnone  wp-image-674\" src=\"https:\/\/sudolux.be\/wp-content\/uploads\/2021\/09\/equipe-300x235.jpg\" alt=\"\" width=\"303\" height=\"237\" srcset=\"https:\/\/sudolux.be\/wp-content\/uploads\/2021\/09\/equipe-300x235.jpg 300w, https:\/\/sudolux.be\/wp-content\/uploads\/2021\/09\/equipe-1024x803.jpg 1024w, https:\/\/sudolux.be\/wp-content\/uploads\/2021\/09\/equipe-768x602.jpg 768w, https:\/\/sudolux.be\/wp-content\/uploads\/2021\/09\/equipe-191x150.jpg 191w, https:\/\/sudolux.be\/wp-content\/uploads\/2021\/09\/equipe-150x118.jpg 150w, https:\/\/sudolux.be\/wp-content\/uploads\/2021\/09\/equipe.jpg 1465w\" sizes=\"auto, (max-width: 303px) 100vw, 303px\" \/>\u00a0 <img loading=\"lazy\" decoding=\"async\" class=\"alignnone  wp-image-676\" src=\"https:\/\/sudolux.be\/wp-content\/uploads\/2021\/09\/20210912_095630-300x225.jpg\" alt=\"\" width=\"307\" height=\"230\" srcset=\"https:\/\/sudolux.be\/wp-content\/uploads\/2021\/09\/20210912_095630-300x225.jpg 300w, https:\/\/sudolux.be\/wp-content\/uploads\/2021\/09\/20210912_095630-1024x768.jpg 1024w, https:\/\/sudolux.be\/wp-content\/uploads\/2021\/09\/20210912_095630-768x576.jpg 768w, https:\/\/sudolux.be\/wp-content\/uploads\/2021\/09\/20210912_095630-1536x1152.jpg 1536w, https:\/\/sudolux.be\/wp-content\/uploads\/2021\/09\/20210912_095630-2048x1536.jpg 2048w, https:\/\/sudolux.be\/wp-content\/uploads\/2021\/09\/20210912_095630-200x150.jpg 200w, https:\/\/sudolux.be\/wp-content\/uploads\/2021\/09\/20210912_095630-150x113.jpg 150w\" sizes=\"auto, (max-width: 307px) 100vw, 307px\" \/><\/p>\n<p>Bernard, sur un parcours du jour (Small Difficult), se classe 16e sur 23, apr\u00e8s un beau \u00ab\u00a0jardinage\u00a0\u00bb sur le 2e poste.<\/p>\n<p>\u2663\u00a0\u2663\u00a0\u2663\u00a0\u2663\u00a0\u2663\u00a0\u2663\u00a0\u2663\u00a0\u2663\u00a0\u2663\u00a0\u2663 \u2663\u00a0\u2663\u00a0\u2663\u00a0\u2663\u00a0\u2663\u00a0\u2663\u00a0\u2663\u00a0\u2663\u00a0\u2663\u00a0\u2663 \u2663\u00a0\u2663\u00a0\u2663\u00a0\u2663\u00a0\u2663\u00a0\u2663\u00a0\u2663\u00a0\u2663\u00a0\u2663\u00a0\u2663 \u2663<\/p>\n<ul>\n<li>\n<h4><strong><img loading=\"lazy\" decoding=\"async\" class=\"alignnone  wp-image-15\" src=\"https:\/\/sudolux.be\/wp-content\/uploads\/2016\/12\/balise-300x300.jpg\" alt=\"\" width=\"51\" height=\"51\" srcset=\"https:\/\/sudolux.be\/wp-content\/uploads\/2016\/12\/balise-300x300.jpg 300w, https:\/\/sudolux.be\/wp-content\/uploads\/2016\/12\/balise-150x150.jpg 150w, https:\/\/sudolux.be\/wp-content\/uploads\/2016\/12\/balise-100x100.jpg 100w, https:\/\/sudolux.be\/wp-content\/uploads\/2016\/12\/balise.jpg 303w\" sizes=\"auto, (max-width: 51px) 100vw, 51px\" \/><\/strong><span style=\"color: #ff0000;\"><strong>Dimanche 13 juin 2021 : R\u00e9gionale 6 Circuits &#8211; Vlessart<\/strong>.<\/span><\/h4>\n<p><em>A toutes celles et ceux qui ont pris part \u00e0 la r\u00e9gionale de Vlessart le 13 juin dernier ! Le Sud O Lux vous doit quelques explications&#8230;<br \/>\u00a0\u00a0\u00a0\u00a0\u00a0\u00a0\u00a0\u00a0\u00a0\u00a0 <\/em>Le soleil \u00e9tait de la partie ce 13 juin 2021 pour l\u2019organisation du Sud O Lux qui a r\u00e9uni 163 participants dans les bois de Vlessart.<br \/>Apr\u00e8s avoir d\u00fb modifier les circuits trois jours avant l\u2019\u00e9preuve \u00e9tant donn\u00e9 les restrictions impos\u00e9es par le DNF, une autre fameuse tuile nous est tomb\u00e9e dessus le dimanche matin \u00e0 8.15 quand il est apparu qu\u2019un court m\u00e9trage \u00e9tait film\u00e9 ce dimanche sur la prairie o\u00f9 devait s\u2019organiser le secr\u00e9tariat, l\u2019arriv\u00e9e et le bar de notre comp\u00e9tition.<br \/>Incroyable mais vrai : tant le DNF que la Commune avaient autoris\u00e9 au m\u00eame moment au m\u00eame endroit les deux \u00e9v\u00e8nements : le tournage du film et notre CO !<br \/>\u00a0\u00a0\u00a0\u00a0\u00a0\u00a0\u00a0\u00a0\u00a0\u00a0\u00a0\u00a0 En une demi heure de temps, il a fallu modifier tout le dispositif du parking, du secr\u00e9tariat et de l\u2019arriv\u00e9e en d\u00e9m\u00e9nageant dans l\u2019urgence tout ce qui avait \u00e9t\u00e9 install\u00e9 la veille au soir&#8230;<br \/>\u00a0\u00a0\u00a0\u00a0\u00a0\u00a0\u00a0\u00a0\u00a0\u00a0\u00a0\u00a0 Fort heureusement, gr\u00e2ce \u00e0 l\u2019efficacit\u00e9 des Sud O Luxiens, tout s\u2019est bien termin\u00e9 et la comp\u00e9tition a pu se d\u00e9rouler sans aucun souci sportif et la convivialit\u00e9 \u00e9tait au rendez-vous sur la mini zone d\u2019arriv\u00e9e improvis\u00e9e.<br \/>\u00a0\u00a0\u00a0\u00a0\u00a0\u00a0\u00a0\u00a0\u00a0\u00a0 Merci \u00e0 toutes celles et tous ceux qui ont mis la main \u00e0 la pate ce dimanche 13 juin et dans tous les pr\u00e9paratifs en amont :\u00a0 trac\u00e9 des circuits, demandes d\u2019autorisations, pr\u00e9balisage, balisage, montage et d\u00e9montage de la tonnelle, informatique organisation du parking, du d\u00e9part, de l\u2019arriv\u00e9e, du bar, d\u00e9balisage, d\u00e9montage et rangement, etc&#8230;<br \/>\u00a0\u00a0\u00a0\u00a0\u00a0\u00a0\u00a0\u00a0\u00a0\u00a0\u00a0\u00a0\u00a0\u00a0 Une pens\u00e9e pour Fred Zimmer pour qui l\u2019\u00e9preuve s\u2019est termin\u00e9e \u00e0 l\u2019h\u00f4pital (fracture du tibia) : nous lui souhaitons un prompt r\u00e9tablissement !<\/p>\n<p><strong>Les r\u00e9sultats <a href=\"https:\/\/helga-o.com\/webres\/index.php?lauf=3370\">ici<\/a><\/strong><br \/>\u00a0\u00a0\u00a0\u00a0\u00a0\u00a0\u00a0\u00a0\u00a0\u00a0\u00a0\u00a0\u00a0 Et en prime : le compte-rendu de Bernard Rongvaux et quelques photos : <a href=\"https:\/\/sportifsurletard.blogspot.com\/2021\/06\/regionale-orientation-6-circuits.html\">https:\/\/sportifsurletard.blogspot.com\/2021\/06\/regionale-orientation-6-circuits.html<\/a><\/p>\n<p>Le Comit\u00e9 SudOLux vous fixe rendez vous en For\u00eat d&rsquo;Anlier le <strong><span style=\"color: #ff0000;\">dimanche 10 avril 2022<\/span><\/strong>.\u00a0<br \/>\u2663\u00a0\u2663\u00a0\u2663\u00a0\u2663\u00a0\u2663\u00a0\u2663\u00a0\u2663\u00a0\u2663\u00a0\u2663\u00a0\u2663 \u2663\u00a0\u2663\u00a0\u2663\u00a0\u2663\u00a0\u2663\u00a0\u2663\u00a0\u2663\u00a0\u2663\u00a0\u2663\u00a0\u2663 \u2663\u00a0\u2663\u00a0\u2663\u00a0\u2663\u00a0\u2663\u00a0\u2663\u00a0\u2663\u00a0\u2663\u00a0\u2663\u00a0\u2663 \u2663<\/p>\n<\/li>\n<\/ul>\n<h4><strong><img loading=\"lazy\" decoding=\"async\" class=\"alignnone  wp-image-15\" src=\"https:\/\/sudolux.be\/wp-content\/uploads\/2016\/12\/balise-300x300.jpg\" alt=\"\" width=\"51\" height=\"51\" srcset=\"https:\/\/sudolux.be\/wp-content\/uploads\/2016\/12\/balise-300x300.jpg 300w, https:\/\/sudolux.be\/wp-content\/uploads\/2016\/12\/balise-150x150.jpg 150w, https:\/\/sudolux.be\/wp-content\/uploads\/2016\/12\/balise-100x100.jpg 100w, https:\/\/sudolux.be\/wp-content\/uploads\/2016\/12\/balise.jpg 303w\" sizes=\"auto, (max-width: 51px) 100vw, 51px\" \/><span style=\"color: #ff0000;\">\u00a0 30 mai 2021<\/span><\/strong><span style=\"color: #ff0000;\"> : <\/span><strong><span style=\"color: #ff0000;\">entra\u00eenement \u00e0 Vlessart.<\/span> <br \/>C<\/strong><strong>arte \u00ab\u00a0Iwan-Lidar\u00a0\u00bb.<br \/><\/strong>Un grand bravo \u00e0 tous.tes ceux.elles qui ont brav\u00e9 cet entra\u00eenement m\u00e9morable \u00ab\u00a0grand bain de pieds\u00a0\u00bb ce dimanche 30 mai \u00e0 Vlessart. Iwan nous avait promis \u00ab\u00a0les pieds mouill\u00e9s\u00a0\u00bb, il nous restera des traces dans les baskets pendant un bon moment !!<\/h4>\n<h4><strong><img loading=\"lazy\" decoding=\"async\" class=\"alignnone size-full wp-image-623\" src=\"https:\/\/sudolux.be\/wp-content\/uploads\/2021\/06\/entr-30mai2021-01-Copie.jpg\" alt=\"\" width=\"225\" height=\"300\" srcset=\"https:\/\/sudolux.be\/wp-content\/uploads\/2021\/06\/entr-30mai2021-01-Copie.jpg 225w, https:\/\/sudolux.be\/wp-content\/uploads\/2021\/06\/entr-30mai2021-01-Copie-113x150.jpg 113w\" sizes=\"auto, (max-width: 225px) 100vw, 225px\" \/>\u00a0 <\/strong><strong><img loading=\"lazy\" decoding=\"async\" class=\"alignnone size-medium wp-image-626\" src=\"https:\/\/sudolux.be\/wp-content\/uploads\/2021\/06\/entr-30mai2021-07-Copie.jpg\" alt=\"\" width=\"300\" height=\"225\" srcset=\"https:\/\/sudolux.be\/wp-content\/uploads\/2021\/06\/entr-30mai2021-07-Copie.jpg 300w, https:\/\/sudolux.be\/wp-content\/uploads\/2021\/06\/entr-30mai2021-07-Copie-200x150.jpg 200w, https:\/\/sudolux.be\/wp-content\/uploads\/2021\/06\/entr-30mai2021-07-Copie-150x113.jpg 150w\" sizes=\"auto, (max-width: 300px) 100vw, 300px\" \/><\/strong><strong><img loading=\"lazy\" decoding=\"async\" class=\"alignnone size-medium wp-image-624\" src=\"https:\/\/sudolux.be\/wp-content\/uploads\/2021\/06\/entr-30mai2021-05-Copie.jpg\" alt=\"\" width=\"300\" height=\"225\" srcset=\"https:\/\/sudolux.be\/wp-content\/uploads\/2021\/06\/entr-30mai2021-05-Copie.jpg 300w, https:\/\/sudolux.be\/wp-content\/uploads\/2021\/06\/entr-30mai2021-05-Copie-200x150.jpg 200w, https:\/\/sudolux.be\/wp-content\/uploads\/2021\/06\/entr-30mai2021-05-Copie-150x113.jpg 150w\" sizes=\"auto, (max-width: 300px) 100vw, 300px\" \/> <img loading=\"lazy\" decoding=\"async\" class=\"alignnone size-medium wp-image-625\" src=\"https:\/\/sudolux.be\/wp-content\/uploads\/2021\/06\/entr-30mai2021-06-Copie.jpg\" alt=\"\" width=\"225\" height=\"300\" srcset=\"https:\/\/sudolux.be\/wp-content\/uploads\/2021\/06\/entr-30mai2021-06-Copie.jpg 225w, https:\/\/sudolux.be\/wp-content\/uploads\/2021\/06\/entr-30mai2021-06-Copie-113x150.jpg 113w\" sizes=\"auto, (max-width: 225px) 100vw, 225px\" \/><\/strong><\/h4>\n<p>&nbsp;<\/p>\n<h3><span style=\"color: #ff0000;\"><strong><img loading=\"lazy\" decoding=\"async\" class=\"alignnone  wp-image-15\" src=\"https:\/\/sudolux.be\/wp-content\/uploads\/2016\/12\/balise-300x300.jpg\" alt=\"\" width=\"51\" height=\"51\" srcset=\"https:\/\/sudolux.be\/wp-content\/uploads\/2016\/12\/balise-300x300.jpg 300w, https:\/\/sudolux.be\/wp-content\/uploads\/2016\/12\/balise-150x150.jpg 150w, https:\/\/sudolux.be\/wp-content\/uploads\/2016\/12\/balise-100x100.jpg 100w, https:\/\/sudolux.be\/wp-content\/uploads\/2016\/12\/balise.jpg 303w\" sizes=\"auto, (max-width: 51px) 100vw, 51px\" \/>06 mars 2021<\/strong><\/span> : <strong>entra\u00eenement \u00e0 Louft\u00e9mont. <br \/>Carte \u00ab\u00a0Les Loups Bleus\u00a0\u00bb, en lieu et place de notre R\u00e9gionale annul\u00e9e !<br \/><\/strong><\/h3>\n<p><em><strong>A nouveau, belle participation des Sudoluxiens, et de quelques HN et sympathisants invit\u00e9s !<br \/><\/strong>La m\u00e9t\u00e9o \u00e9tait tr\u00e8s belle cette fois et incitait vraiment \u00e0 un bon moment de d\u00e9tente et de d\u00e9foulement dans ces beaux bois. Tous les participants ont appr\u00e9ci\u00e9, qu&rsquo;ils soient de Haut Niveau ou tout simplement d\u00e9butant. <\/em><\/p>\n<p>&nbsp;<\/p>\n<h3><strong><img loading=\"lazy\" decoding=\"async\" class=\"alignnone  wp-image-15\" src=\"https:\/\/sudolux.be\/wp-content\/uploads\/2016\/12\/balise-300x300.jpg\" alt=\"\" width=\"51\" height=\"51\" srcset=\"https:\/\/sudolux.be\/wp-content\/uploads\/2016\/12\/balise-300x300.jpg 300w, https:\/\/sudolux.be\/wp-content\/uploads\/2016\/12\/balise-150x150.jpg 150w, https:\/\/sudolux.be\/wp-content\/uploads\/2016\/12\/balise-100x100.jpg 100w, https:\/\/sudolux.be\/wp-content\/uploads\/2016\/12\/balise.jpg 303w\" sizes=\"auto, (max-width: 51px) 100vw, 51px\" \/><\/strong><span style=\"color: #ff0000;\"><strong>06 f\u00e9vrier 2021<\/strong><\/span> : <strong>entra\u00eenement \u00e0 Vlessart. Carte Iwan Vis.<br \/><\/strong><\/h3>\n<p><em><strong>Belle participation des Sudoluxiens !<br \/><\/strong>La m\u00e9t\u00e9o \u00e9tait ex\u00e9crable (brouillard, pluie froide, &#8230;) mais tous les Sud-O-Luxiens inscrits ont r\u00e9pondu \u201cpr\u00e9sent\u201d ce samedi 6 f\u00e9vrier apr\u00e8s-midi pour un entrainement sur la carte toute neuve \u201cLes Hauts de Stalon\u201d \u00e9tablie par Iwan sur base des donn\u00e9es Lidar de la R\u00e9gion Wallonne.<\/em><\/p>\n<p><em>Nous \u00e9tions 36 \u00e0 affronter les intemp\u00e9ries dont quelques sympathisants et quelques membres du Haut Niveau FRSO. Tout le monde a appr\u00e9ci\u00e9 de se retrouver en for\u00eat pour manipuler carte et boussole.<\/em><br \/><em>Bravo \u00e0 toutes et tous !<\/em><\/p>\n<p><em>Merci \u00e0 Iwan pour le trac\u00e9 et la pose des postes, \u00e0 JND pour les d\u00e9marches au DNF,\u00a0 \u00e0 la Pr\u00e9sidente et \u00e0 JND pour l\u2019accueil-d\u00e9part, \u00e0 Bernard pour les arriv\u00e9es\u00a0 et \u00e0 Iwan et Jean-No\u00ebl pour le retrait des postes.<\/em><\/p>\n<p>&nbsp;<\/p>\n<h3><strong><img loading=\"lazy\" decoding=\"async\" class=\"alignnone  wp-image-15\" src=\"https:\/\/sudolux.be\/wp-content\/uploads\/2016\/12\/balise-300x300.jpg\" alt=\"\" width=\"51\" height=\"51\" srcset=\"https:\/\/sudolux.be\/wp-content\/uploads\/2016\/12\/balise-300x300.jpg 300w, https:\/\/sudolux.be\/wp-content\/uploads\/2016\/12\/balise-150x150.jpg 150w, https:\/\/sudolux.be\/wp-content\/uploads\/2016\/12\/balise-100x100.jpg 100w, https:\/\/sudolux.be\/wp-content\/uploads\/2016\/12\/balise.jpg 303w\" sizes=\"auto, (max-width: 51px) 100vw, 51px\" \/><\/strong><span style=\"text-decoration: underline;\"><strong><span style=\"color: #ff0000; text-decoration: underline;\">05 septembre 2020<\/span><\/strong><\/span> : <strong>R\u00e9gionale sp\u00e9ciale \u00ab 6 circuits \u00bb \u00e0 Vlessart (L\u00e9glise).<\/strong><\/h3>\n<p><em><span style=\"color: #ff0000;\"><strong>Belle r\u00e9ussite avec 173 partants !!<br \/><\/strong><\/span>Pour une premi\u00e8re organisation SudOLux, ce fut une belle r\u00e9ussite avec 173 coureurs. Mis \u00e0 part quelques petites choses \u00e0 am\u00e9liorer, tout s\u2019est tr\u00e8s bien d\u00e9roul\u00e9.<\/em><br \/><em>Un grand merci particulier \u00e0 Jean-No\u00ebl DEBEHOGNE pour son soutien, ses d\u00e9marches adminstratives et sa muli-pr\u00e9sence pour nous encadrer. Le but \u00e9tant que notre petite \u00e9quipe soit apte \u00e0 r\u00e9\u00e9diter cette manifestation l\u2019an prochain. Voire plus par la suite\u2026..<\/em><br \/><em>Merci \u00e0 Serge Dery pour la fourniture du mat\u00e9riel Sportident et \u00e0 \u00a0Jacques Hofmans pour sa formation et sa gestion informatique.<\/em><br \/><em>Merci \u00e0 Iwan et Val\u00e9rie VIS pour leur centre logistique dans leur propri\u00e9t\u00e9 et le caf\u00e9.<\/em><br \/><em>Merci au comit\u00e9 des jeunes Anim-Vlessart pour la mise \u00e0 disposition du local.<br \/>Merci \u00e9galement aux membres (m\u00eame sympathisants..) qui ont particip\u00e9, tant dans l\u2019organisation qu\u2019en tant que coureurs (14).<\/em><br \/><em>Personne n\u2019a pens\u00e9 \u00e0 faire de photos \u2026 Dommage\u2026..!<\/em><\/p>\n<p><em><span style=\"color: #ff0000;\"><strong>Les r\u00e9sultats : <a style=\"color: #ff0000;\" href=\"https:\/\/helga-o.com\/webres\/index.php?lauf=3225\">https:\/\/helga-o.com\/webres\/index.php?lauf=3225<\/a><\/strong><\/span><\/em><\/p>\n<h5><em>Dans les r\u00e8gles COVID19 en vigueur \u00e0 ce moment.<\/em>\u00a0 \u00a0 \u00a0 \u00a0 \u00a0 \u00a0 \u00a0 \u00a0<\/h5>\n<p><img loading=\"lazy\" decoding=\"async\" class=\"wp-image-15 aligncenter\" src=\"https:\/\/sudolux.be\/wp-content\/uploads\/2016\/12\/balise-300x300.jpg\" alt=\"\" width=\"82\" height=\"82\" srcset=\"https:\/\/sudolux.be\/wp-content\/uploads\/2016\/12\/balise-300x300.jpg 300w, https:\/\/sudolux.be\/wp-content\/uploads\/2016\/12\/balise-150x150.jpg 150w, https:\/\/sudolux.be\/wp-content\/uploads\/2016\/12\/balise-100x100.jpg 100w, https:\/\/sudolux.be\/wp-content\/uploads\/2016\/12\/balise.jpg 303w\" sizes=\"auto, (max-width: 82px) 100vw, 82px\" \/><\/p>\n\n\n<p><\/p>\n","protected":false},"excerpt":{"rendered":"<p>Programme d\u2019activit\u00e9s. Etre affili\u00e9 au Sud O Lux, c\u2019est bien ! Participer aux activit\u00e9s sportives du Sud O Lux, c\u2019est mieux ! \ud83d\ude42 &nbsp; \u00a0 Prochaines activit\u00e9s : Courses locales (18 dates en 2026) via O2LUX : https:\/\/o2lux.org \u00a0 19-20-21 juin : 3 Jours O2Lux \u2013 for\u00eat d\u2019Anlier \u2013 Vlessart&#8230; <a class=\"continue-reading-link\" href=\"https:\/\/sudolux.be\/index.php\/activites\/\"> Continue reading <span class=\"meta-nav\">&rarr; <\/span><\/a><\/p>\n","protected":false},"author":1,"featured_media":0,"parent":0,"menu_order":0,"comment_status":"closed","ping_status":"closed","template":"","meta":{"footnotes":""},"class_list":["post-41","page","type-page","status-publish","hentry"],"_links":{"self":[{"href":"https:\/\/sudolux.be\/index.php\/wp-json\/wp\/v2\/pages\/41","targetHints":{"allow":["GET"]}}],"collection":[{"href":"https:\/\/sudolux.be\/index.php\/wp-json\/wp\/v2\/pages"}],"about":[{"href":"https:\/\/sudolux.be\/index.php\/wp-json\/wp\/v2\/types\/page"}],"author":[{"embeddable":true,"href":"https:\/\/sudolux.be\/index.php\/wp-json\/wp\/v2\/users\/1"}],"replies":[{"embeddable":true,"href":"https:\/\/sudolux.be\/index.php\/wp-json\/wp\/v2\/comments?post=41"}],"version-history":[{"count":241,"href":"https:\/\/sudolux.be\/index.php\/wp-json\/wp\/v2\/pages\/41\/revisions"}],"predecessor-version":[{"id":1788,"href":"https:\/\/sudolux.be\/index.php\/wp-json\/wp\/v2\/pages\/41\/revisions\/1788"}],"wp:attachment":[{"href":"https:\/\/sudolux.be\/index.php\/wp-json\/wp\/v2\/media?parent=41"}],"curies":[{"name":"wp","href":"https:\/\/api.w.org\/{rel}","templated":true}]}}